{"id":1498,"date":"2026-03-29T15:01:04","date_gmt":"2026-03-29T12:01:04","guid":{"rendered":"https:\/\/almacorneaionescu.ro\/jury\/madalina-dorgo\/"},"modified":"2026-04-13T17:52:21","modified_gmt":"2026-04-13T14:52:21","slug":"madalina-dorgo","status":"publish","type":"page","link":"https:\/\/almacorneaionescu.ro\/en\/jury\/madalina-dorgo\/","title":{"rendered":"M\u0103d\u0103lina Dorgo"},"content":{"rendered":"<p>[et_pb_section fb_built=&#8221;1&#8243; admin_label=&#8221;Header&#8221; _builder_version=&#8221;4.27.4&#8243; background_enable_image=&#8221;off&#8221; background_size=&#8221;initial&#8221; background_repeat=&#8221;repeat&#8221; global_colors_info=&#8221;{}&#8221;][et_pb_row custom_padding_last_edited=&#8221;off|phone&#8221; disabled_on=&#8221;off|off|off&#8221; _builder_version=&#8221;4.27.6&#8243; background_position=&#8221;bottom_center&#8221; custom_padding_tablet=&#8221;17vw||17vw||false&#8221; use_custom_width=&#8221;on&#8221; width_unit=&#8221;off&#8221; custom_width_percent=&#8221;100%&#8221; locked=&#8221;off&#8221; global_colors_info=&#8221;{}&#8221;][et_pb_column type=&#8221;4_4&#8243; _builder_version=&#8221;4.16&#8243; custom_padding=&#8221;|||&#8221; global_colors_info=&#8221;{}&#8221; custom_padding__hover=&#8221;|||&#8221;][et_pb_image src=&#8221;https:\/\/almacorneaionescu.ro\/wp-content\/uploads\/2024\/05\/Madalina-Dorgo.jpg&#8221; title_text=&#8221;Madalina Dorgo&#8221; align=&#8221;center&#8221; _builder_version=&#8221;4.27.6&#8243; _module_preset=&#8221;default&#8221; width=&#8221;320px&#8221; max_width=&#8221;320px&#8221; height=&#8221;320px&#8221; max_height=&#8221;320px&#8221; border_radii=&#8221;on|200px|200px|200px|200px&#8221; global_colors_info=&#8221;{}&#8221;][\/et_pb_image][et_pb_text _builder_version=&#8221;4.27.6&#8243; text_font=&#8221;||||||||&#8221; header_font=&#8221;|500|||||||&#8221; header_text_align=&#8221;center&#8221; transform_translate_linked=&#8221;off&#8221; text_orientation=&#8221;center&#8221; max_width=&#8221;100%&#8221; max_width_tablet=&#8221;70%&#8221; max_width_last_edited=&#8221;off|phone&#8221; header_font_size_tablet=&#8221;&#8221; header_font_size_phone=&#8221;&#8221; header_font_size_last_edited=&#8221;on|phone&#8221; global_colors_info=&#8221;{}&#8221;]<\/p>\n<h1 class=\"et_pb_module_header\">M\u0103d\u0103lina Dorgo<\/h1>\n<p>[\/et_pb_text][\/et_pb_column][\/et_pb_row][et_pb_row _builder_version=&#8221;4.16&#8243; global_colors_info=&#8221;{}&#8221;][et_pb_column type=&#8221;4_4&#8243; _builder_version=&#8221;4.16&#8243; custom_padding=&#8221;|||&#8221; global_colors_info=&#8221;{}&#8221; custom_padding__hover=&#8221;|||&#8221;][et_pb_text _builder_version=&#8221;4.27.6&#8243; text_font=&#8221;||||||||&#8221; header_font=&#8221;||||||||&#8221; module_alignment=&#8221;center&#8221; global_colors_info=&#8221;{}&#8221;]<\/p>\n<p>Prof. Dr. M\u0103d\u0103lina Dorgo, head of the piano department at the &#8220;Ion Vidu&#8221; Art High School in Timi\u0219oara, Romania, jury member at national and international piano competitions, is a pianist with recitals in Romania (Timi\u0219oara, Arad, Oradea, Cluj-Napoca, Bra\u0219ov, Sebe\u0219, Cernica, T\u00e2rgu-Mure\u0219, Deva, Bucharest) and abroad (Hungary (Budapest), Denmark (Copenhagen, Roskilde, Rodovre), Slovenia (Celje), Germany (Leipzig, Weimar, Friedensau)).<\/p>\n<p>With over 20 years of teaching experience, her achievements include over 300 student awards at national and international piano competitions and over 150 student concerts and recitals on national and international concert stages.<\/p>\n<p>A graduate of the &#8220;Ion Vidu&#8221; National College of Arts in Timi\u0219oara, with a bachelor&#8217;s degree from the Faculty of Music, West University of Timi\u0219oara, specialization in Instrumental Performance \u2013 Piano, followed by doctoral studies. Doctor of Music, with the thesis Emotion, Emotionality and Stage Fright in Musical Performance, at the &#8220;Gh. Dima&#8221; Music Academy in Cluj-Napoca, Romania. Dima&#8221; in Cluj-Napoca, Romania.<\/p>\n<p>Enrolled in postdoctoral studies, researcher at the University of Macedonia in Thessaloniki, Greece, she continues to seek the right answer to the questions &#8220;How can I understand my emotions? How much do I let them control my artistic act? When is too much actually&#8230; too much, and how can we be on stage without stage fright? Because music and art are about beauty. About the joy of being on stage and in the audience.<\/p>\n<p>Among her numerous publications, you can find books, articles, award-winning research and original works, not only on the topic of Stage Fright, but also on e-learning, children&#8217;s music education, the integration of Roma children in the educational system, early childhood music education or other disciplines.<\/p>\n<p>Invited as a lecturer on the topic of Stage Fright at universities and conservatories in Greece, she continues her research, involving students, artists and teachers from Spain, Italy, Finland, Germany, Hungary. Greece, Turkey, France, Romania, the United Kingdom and Denmark.<\/p>\n<p>Invited as a jury member at national and international piano competitions, she is actively involved in Erasmus+, Leonardo Da Vinci and POSDRU projects, serving as tutor, teaching practice coordinator for students of the Faculty of Music, Music specialization, Artistic Director of the &#8220;TimorgelFest&#8221; International Festival, Artistic Director of the &#8220;Baroque in Contemporary Situations&#8221; International Festival and Project Manager at the &#8220;Alma Cornea Ionescu&#8221; International Piano Festival and Competition.<\/p>\n<p>[\/et_pb_text][\/et_pb_column][\/et_pb_row][et_pb_row _builder_version=&#8221;4.27.6&#8243; _module_preset=&#8221;default&#8221; global_colors_info=&#8221;{}&#8221;][et_pb_column type=&#8221;4_4&#8243; _builder_version=&#8221;4.27.6&#8243; _module_preset=&#8221;default&#8221; global_colors_info=&#8221;{}&#8221;][et_pb_button button_url=&#8221;@ET-DC@eyJkeW5hbWljIjp0cnVlLCJjb250ZW50IjoicG9zdF9saW5rX3VybF9wYWdlIiwic2V0dGluZ3MiOnsicG9zdF9pZCI6IjE0MyIsImVuYWJsZV9odG1sIjoib2ZmIn19@&#8221; button_text=&#8221;Back to the jury&#8221; button_alignment=&#8221;center&#8221; _builder_version=&#8221;4.27.6&#8243; _dynamic_attributes=&#8221;button_url&#8221; _module_preset=&#8221;default&#8221; custom_button=&#8221;on&#8221; global_colors_info=&#8221;{}&#8221;][\/et_pb_button][\/et_pb_column][\/et_pb_row][\/et_pb_section]<\/p>\n","protected":false},"excerpt":{"rendered":"<p>M\u0103d\u0103lina DorgoProf. Dr. M\u0103d\u0103lina Dorgo, head of the piano department at the &#8220;Ion Vidu&#8221; Art High School in Timi\u0219oara, Romania, jury member at national and international piano competitions, is a pianist with recitals in Romania (Timi\u0219oara, Arad, Oradea, Cluj-Napoca, Bra\u0219ov, Sebe\u0219, Cernica, T\u00e2rgu-Mure\u0219, Deva, Bucharest) and abroad (Hungary (Budapest), Denmark (Copenhagen, Roskilde, Rodovre), Slovenia (Celje), [&hellip;]<\/p>\n","protected":false},"author":1,"featured_media":1123,"parent":1129,"menu_order":0,"comment_status":"closed","ping_status":"closed","template":"","meta":{"_et_pb_use_builder":"on","_et_pb_old_content":"","_et_gb_content_width":"","footnotes":""},"class_list":["post-1498","page","type-page","status-publish","has-post-thumbnail","hentry"],"yoast_head":"<!-- This site is optimized with the Yoast SEO plugin v27.3 - https:\/\/yoast.com\/product\/yoast-seo-wordpress\/ -->\n<title>M\u0103d\u0103lina Dorgo - Alma Cornea Ionescu<\/title>\n<meta name=\"robots\" content=\"index, follow, max-snippet:-1, max-image-preview:large, max-video-preview:-1\" \/>\n<link rel=\"canonical\" href=\"https:\/\/almacorneaionescu.ro\/en\/jury\/madalina-dorgo\/\" \/>\n<meta property=\"og:locale\" content=\"en_US\" \/>\n<meta property=\"og:type\" content=\"article\" \/>\n<meta property=\"og:title\" content=\"M\u0103d\u0103lina Dorgo - Alma Cornea Ionescu\" \/>\n<meta property=\"og:description\" content=\"M\u0103d\u0103lina DorgoProf. Dr. M\u0103d\u0103lina Dorgo, head of the piano department at the &quot;Ion Vidu&quot; Art High School in Timi\u0219oara, Romania, jury member at national and international piano competitions, is a pianist with recitals in Romania (Timi\u0219oara, Arad, Oradea, Cluj-Napoca, Bra\u0219ov, Sebe\u0219, Cernica, T\u00e2rgu-Mure\u0219, Deva, Bucharest) and abroad (Hungary (Budapest), Denmark (Copenhagen, Roskilde, Rodovre), Slovenia (Celje), [&hellip;]\" \/>\n<meta property=\"og:url\" content=\"https:\/\/almacorneaionescu.ro\/en\/jury\/madalina-dorgo\/\" \/>\n<meta property=\"og:site_name\" content=\"Alma Cornea Ionescu\" \/>\n<meta property=\"article:modified_time\" content=\"2026-04-13T14:52:21+00:00\" \/>\n<meta property=\"og:image\" content=\"https:\/\/almacorneaionescu.ro\/wp-content\/uploads\/2024\/05\/Madalina-Dorgo.jpg\" \/>\n\t<meta property=\"og:image:width\" content=\"752\" \/>\n\t<meta property=\"og:image:height\" content=\"1128\" \/>\n\t<meta property=\"og:image:type\" content=\"image\/jpeg\" \/>\n<meta name=\"twitter:card\" content=\"summary_large_image\" \/>\n<meta name=\"twitter:label1\" content=\"Est. reading time\" \/>\n\t<meta name=\"twitter:data1\" content=\"4 minutes\" \/>\n<script type=\"application\/ld+json\" class=\"yoast-schema-graph\">{\"@context\":\"https:\\\/\\\/schema.org\",\"@graph\":[{\"@type\":\"WebPage\",\"@id\":\"https:\\\/\\\/almacorneaionescu.ro\\\/en\\\/jury\\\/madalina-dorgo\\\/\",\"url\":\"https:\\\/\\\/almacorneaionescu.ro\\\/en\\\/jury\\\/madalina-dorgo\\\/\",\"name\":\"M\u0103d\u0103lina Dorgo - Alma Cornea Ionescu\",\"isPartOf\":{\"@id\":\"https:\\\/\\\/almacorneaionescu.ro\\\/#website\"},\"primaryImageOfPage\":{\"@id\":\"https:\\\/\\\/almacorneaionescu.ro\\\/en\\\/jury\\\/madalina-dorgo\\\/#primaryimage\"},\"image\":{\"@id\":\"https:\\\/\\\/almacorneaionescu.ro\\\/en\\\/jury\\\/madalina-dorgo\\\/#primaryimage\"},\"thumbnailUrl\":\"https:\\\/\\\/almacorneaionescu.ro\\\/wp-content\\\/uploads\\\/2024\\\/05\\\/Madalina-Dorgo.jpg\",\"datePublished\":\"2026-03-29T12:01:04+00:00\",\"dateModified\":\"2026-04-13T14:52:21+00:00\",\"breadcrumb\":{\"@id\":\"https:\\\/\\\/almacorneaionescu.ro\\\/en\\\/jury\\\/madalina-dorgo\\\/#breadcrumb\"},\"inLanguage\":\"en-US\",\"potentialAction\":[{\"@type\":\"ReadAction\",\"target\":[\"https:\\\/\\\/almacorneaionescu.ro\\\/en\\\/jury\\\/madalina-dorgo\\\/\"]}]},{\"@type\":\"ImageObject\",\"inLanguage\":\"en-US\",\"@id\":\"https:\\\/\\\/almacorneaionescu.ro\\\/en\\\/jury\\\/madalina-dorgo\\\/#primaryimage\",\"url\":\"https:\\\/\\\/almacorneaionescu.ro\\\/wp-content\\\/uploads\\\/2024\\\/05\\\/Madalina-Dorgo.jpg\",\"contentUrl\":\"https:\\\/\\\/almacorneaionescu.ro\\\/wp-content\\\/uploads\\\/2024\\\/05\\\/Madalina-Dorgo.jpg\",\"width\":752,\"height\":1128},{\"@type\":\"BreadcrumbList\",\"@id\":\"https:\\\/\\\/almacorneaionescu.ro\\\/en\\\/jury\\\/madalina-dorgo\\\/#breadcrumb\",\"itemListElement\":[{\"@type\":\"ListItem\",\"position\":1,\"name\":\"Prima pagin\u0103\",\"item\":\"https:\\\/\\\/almacorneaionescu.ro\\\/\"},{\"@type\":\"ListItem\",\"position\":2,\"name\":\"Jury\",\"item\":\"https:\\\/\\\/almacorneaionescu.ro\\\/en\\\/jury\\\/\"},{\"@type\":\"ListItem\",\"position\":3,\"name\":\"M\u0103d\u0103lina Dorgo\"}]},{\"@type\":\"WebSite\",\"@id\":\"https:\\\/\\\/almacorneaionescu.ro\\\/#website\",\"url\":\"https:\\\/\\\/almacorneaionescu.ro\\\/\",\"name\":\"Alma Cornea Ionescu\",\"description\":\"International piano competition\",\"potentialAction\":[{\"@type\":\"SearchAction\",\"target\":{\"@type\":\"EntryPoint\",\"urlTemplate\":\"https:\\\/\\\/almacorneaionescu.ro\\\/?s={search_term_string}\"},\"query-input\":{\"@type\":\"PropertyValueSpecification\",\"valueRequired\":true,\"valueName\":\"search_term_string\"}}],\"inLanguage\":\"en-US\"}]}<\/script>\n<!-- \/ Yoast SEO plugin. -->","yoast_head_json":{"title":"M\u0103d\u0103lina Dorgo - Alma Cornea Ionescu","robots":{"index":"index","follow":"follow","max-snippet":"max-snippet:-1","max-image-preview":"max-image-preview:large","max-video-preview":"max-video-preview:-1"},"canonical":"https:\/\/almacorneaionescu.ro\/en\/jury\/madalina-dorgo\/","og_locale":"en_US","og_type":"article","og_title":"M\u0103d\u0103lina Dorgo - Alma Cornea Ionescu","og_description":"M\u0103d\u0103lina DorgoProf. Dr. M\u0103d\u0103lina Dorgo, head of the piano department at the \"Ion Vidu\" Art High School in Timi\u0219oara, Romania, jury member at national and international piano competitions, is a pianist with recitals in Romania (Timi\u0219oara, Arad, Oradea, Cluj-Napoca, Bra\u0219ov, Sebe\u0219, Cernica, T\u00e2rgu-Mure\u0219, Deva, Bucharest) and abroad (Hungary (Budapest), Denmark (Copenhagen, Roskilde, Rodovre), Slovenia (Celje), [&hellip;]","og_url":"https:\/\/almacorneaionescu.ro\/en\/jury\/madalina-dorgo\/","og_site_name":"Alma Cornea Ionescu","article_modified_time":"2026-04-13T14:52:21+00:00","og_image":[{"width":752,"height":1128,"url":"https:\/\/almacorneaionescu.ro\/wp-content\/uploads\/2024\/05\/Madalina-Dorgo.jpg","type":"image\/jpeg"}],"twitter_card":"summary_large_image","twitter_misc":{"Est. reading time":"4 minutes"},"schema":{"@context":"https:\/\/schema.org","@graph":[{"@type":"WebPage","@id":"https:\/\/almacorneaionescu.ro\/en\/jury\/madalina-dorgo\/","url":"https:\/\/almacorneaionescu.ro\/en\/jury\/madalina-dorgo\/","name":"M\u0103d\u0103lina Dorgo - Alma Cornea Ionescu","isPartOf":{"@id":"https:\/\/almacorneaionescu.ro\/#website"},"primaryImageOfPage":{"@id":"https:\/\/almacorneaionescu.ro\/en\/jury\/madalina-dorgo\/#primaryimage"},"image":{"@id":"https:\/\/almacorneaionescu.ro\/en\/jury\/madalina-dorgo\/#primaryimage"},"thumbnailUrl":"https:\/\/almacorneaionescu.ro\/wp-content\/uploads\/2024\/05\/Madalina-Dorgo.jpg","datePublished":"2026-03-29T12:01:04+00:00","dateModified":"2026-04-13T14:52:21+00:00","breadcrumb":{"@id":"https:\/\/almacorneaionescu.ro\/en\/jury\/madalina-dorgo\/#breadcrumb"},"inLanguage":"en-US","potentialAction":[{"@type":"ReadAction","target":["https:\/\/almacorneaionescu.ro\/en\/jury\/madalina-dorgo\/"]}]},{"@type":"ImageObject","inLanguage":"en-US","@id":"https:\/\/almacorneaionescu.ro\/en\/jury\/madalina-dorgo\/#primaryimage","url":"https:\/\/almacorneaionescu.ro\/wp-content\/uploads\/2024\/05\/Madalina-Dorgo.jpg","contentUrl":"https:\/\/almacorneaionescu.ro\/wp-content\/uploads\/2024\/05\/Madalina-Dorgo.jpg","width":752,"height":1128},{"@type":"BreadcrumbList","@id":"https:\/\/almacorneaionescu.ro\/en\/jury\/madalina-dorgo\/#breadcrumb","itemListElement":[{"@type":"ListItem","position":1,"name":"Prima pagin\u0103","item":"https:\/\/almacorneaionescu.ro\/"},{"@type":"ListItem","position":2,"name":"Jury","item":"https:\/\/almacorneaionescu.ro\/en\/jury\/"},{"@type":"ListItem","position":3,"name":"M\u0103d\u0103lina Dorgo"}]},{"@type":"WebSite","@id":"https:\/\/almacorneaionescu.ro\/#website","url":"https:\/\/almacorneaionescu.ro\/","name":"Alma Cornea Ionescu","description":"International piano competition","potentialAction":[{"@type":"SearchAction","target":{"@type":"EntryPoint","urlTemplate":"https:\/\/almacorneaionescu.ro\/?s={search_term_string}"},"query-input":{"@type":"PropertyValueSpecification","valueRequired":true,"valueName":"search_term_string"}}],"inLanguage":"en-US"}]}},"_links":{"self":[{"href":"https:\/\/almacorneaionescu.ro\/en\/wp-json\/wp\/v2\/pages\/1498","targetHints":{"allow":["GET"]}}],"collection":[{"href":"https:\/\/almacorneaionescu.ro\/en\/wp-json\/wp\/v2\/pages"}],"about":[{"href":"https:\/\/almacorneaionescu.ro\/en\/wp-json\/wp\/v2\/types\/page"}],"author":[{"embeddable":true,"href":"https:\/\/almacorneaionescu.ro\/en\/wp-json\/wp\/v2\/users\/1"}],"replies":[{"embeddable":true,"href":"https:\/\/almacorneaionescu.ro\/en\/wp-json\/wp\/v2\/comments?post=1498"}],"version-history":[{"count":2,"href":"https:\/\/almacorneaionescu.ro\/en\/wp-json\/wp\/v2\/pages\/1498\/revisions"}],"predecessor-version":[{"id":1500,"href":"https:\/\/almacorneaionescu.ro\/en\/wp-json\/wp\/v2\/pages\/1498\/revisions\/1500"}],"up":[{"embeddable":true,"href":"https:\/\/almacorneaionescu.ro\/en\/wp-json\/wp\/v2\/pages\/1129"}],"wp:featuredmedia":[{"embeddable":true,"href":"https:\/\/almacorneaionescu.ro\/en\/wp-json\/wp\/v2\/media\/1123"}],"wp:attachment":[{"href":"https:\/\/almacorneaionescu.ro\/en\/wp-json\/wp\/v2\/media?parent=1498"}],"curies":[{"name":"wp","href":"https:\/\/api.w.org\/{rel}","templated":true}]}}