{"id":1495,"date":"2026-03-29T15:23:09","date_gmt":"2026-03-29T12:23:09","guid":{"rendered":"https:\/\/almacorneaionescu.ro\/jury\/dusan-suton\/"},"modified":"2026-04-13T17:51:26","modified_gmt":"2026-04-13T14:51:26","slug":"dusan-suton","status":"publish","type":"page","link":"https:\/\/almacorneaionescu.ro\/en\/jury\/dusan-suton\/","title":{"rendered":"Du\u0161an Suton"},"content":{"rendered":"<p>[et_pb_section fb_built=&#8221;1&#8243; admin_label=&#8221;Header&#8221; _builder_version=&#8221;4.27.4&#8243; background_enable_image=&#8221;off&#8221; background_size=&#8221;initial&#8221; background_repeat=&#8221;repeat&#8221; global_colors_info=&#8221;{}&#8221; theme_builder_area=&#8221;post_content&#8221;][et_pb_row custom_padding_last_edited=&#8221;off|phone&#8221; disabled_on=&#8221;off|off|off&#8221; _builder_version=&#8221;4.27.6&#8243; background_position=&#8221;bottom_center&#8221; custom_padding_tablet=&#8221;17vw||17vw||false&#8221; use_custom_width=&#8221;on&#8221; width_unit=&#8221;off&#8221; custom_width_percent=&#8221;100%&#8221; locked=&#8221;off&#8221; global_colors_info=&#8221;{}&#8221; theme_builder_area=&#8221;post_content&#8221;][et_pb_column type=&#8221;4_4&#8243; _builder_version=&#8221;4.16&#8243; custom_padding=&#8221;|||&#8221; global_colors_info=&#8221;{}&#8221; custom_padding__hover=&#8221;|||&#8221; theme_builder_area=&#8221;post_content&#8221;][et_pb_image src=&#8221;https:\/\/almacorneaionescu.ro\/wp-content\/uploads\/2026\/03\/Dus\u030can-Suton.jpeg&#8221; title_text=&#8221;Dus\u030can Suton&#8221; align=&#8221;center&#8221; _builder_version=&#8221;4.27.6&#8243; _module_preset=&#8221;default&#8221; width=&#8221;320px&#8221; max_width=&#8221;320px&#8221; height=&#8221;320px&#8221; max_height=&#8221;320px&#8221; hover_enabled=&#8221;0&#8243; border_radii=&#8221;on|200px|200px|200px|200px&#8221; global_colors_info=&#8221;{}&#8221; theme_builder_area=&#8221;post_content&#8221; sticky_enabled=&#8221;0&#8243;][\/et_pb_image][et_pb_text _builder_version=&#8221;4.27.6&#8243; text_font=&#8221;||||||||&#8221; header_font=&#8221;|500|||||||&#8221; header_text_align=&#8221;center&#8221; transform_translate_linked=&#8221;off&#8221; max_width=&#8221;100%&#8221; max_width_tablet=&#8221;70%&#8221; max_width_last_edited=&#8221;off|phone&#8221; hover_enabled=&#8221;0&#8243; header_font_size_tablet=&#8221;&#8221; header_font_size_phone=&#8221;&#8221; header_font_size_last_edited=&#8221;on|phone&#8221; global_colors_info=&#8221;{}&#8221; theme_builder_area=&#8221;post_content&#8221; sticky_enabled=&#8221;0&#8243;]<\/p>\n<h1 class=\"et_pb_module_header\">Du\u0161an Suton<\/h1>\n<p>[\/et_pb_text][\/et_pb_column][\/et_pb_row][et_pb_row column_structure=&#8221;1_2,1_2&#8243; _builder_version=&#8221;4.16&#8243; global_colors_info=&#8221;{}&#8221; theme_builder_area=&#8221;post_content&#8221;][et_pb_column type=&#8221;1_2&#8243; _builder_version=&#8221;4.16&#8243; custom_padding=&#8221;|||&#8221; global_colors_info=&#8221;{}&#8221; custom_padding__hover=&#8221;|||&#8221; theme_builder_area=&#8221;post_content&#8221;][et_pb_text _builder_version=&#8221;4.27.6&#8243; text_font=&#8221;||||||||&#8221; header_font=&#8221;||||||||&#8221; module_alignment=&#8221;center&#8221; custom_padding=&#8221;||0px|||&#8221; hover_enabled=&#8221;0&#8243; global_colors_info=&#8221;{}&#8221; theme_builder_area=&#8221;post_content&#8221; sticky_enabled=&#8221;0&#8243;]<\/p>\n<p>Du\u0161an Suton was born on December 14, 1989, in Ni\u0161, Serbia. He completed his primary and music high school education in Ni\u0161, Serbia, in the class of Prof. Spomenka \u0160piri\u0107. He completed his undergraduate studies at the Faculty of Arts in Ni\u0161, in the class of the eminent pianist, Prof. Aleksandar Serdar (Serbia\/Slovenia), and his Master&#8217;s studies in the class of Prof. Dragloslav A\u0107imovi\u0107 (Serbia).<\/p>\n<p>During his studies, he participated in numerous international and national competitions in Ni\u0161, \u0160abac, and Belgrade, winning awards. For many consecutive years, he actively participated in masterclasses led by the eminent pianist Boris Kraljevi\u0107 (Montenegro\/Singapore). During his studies, he frequently performed concerts at the Faculty of Arts in Ni\u0161, as part of the faculty&#8217;s concert season, both as a soloist and a chamber musician. He also performed as a member of the piano duo &#8220;Appassionato,&#8221; and later, under the name &#8220;Suton piano duo,&#8221; he gave concerts in cities across Serbia (Ni\u0161, Belgrade, Zaje\u010dar, Kraljevo, Vrnja\u010dka Banja, Aleksinac), Slovenia (Celje), and Italy (Valenzano, Adelfia). As part of his piano duo, he also won numerous awards at competitions, among which the most significant are prizes at the &#8220;World Grand Prix International Contest&#8221; &#8211; Great Britain, &#8220;Debussy International Music Competition,&#8221; &#8220;Royal Mass Competition&#8221; &#8211; Netherlands, &#8220;Erik Satie Piano Competition,&#8221; &#8220;Paris Piano Competition&#8221; &#8211; France, &#8220;Bach International Piano Competition,&#8221; &#8220;Gabriel Faur\u00e9 International Piano Competition,&#8221; and &#8220;Ankara International Competition.&#8221;<\/p>\n<p>[\/et_pb_text][\/et_pb_column][et_pb_column type=&#8221;1_2&#8243; _builder_version=&#8221;4.16&#8243; custom_padding=&#8221;|||&#8221; global_colors_info=&#8221;{}&#8221; custom_padding__hover=&#8221;|||&#8221; theme_builder_area=&#8221;post_content&#8221;][et_pb_text _builder_version=&#8221;4.27.6&#8243; text_font=&#8221;||||||||&#8221; header_font=&#8221;||||||||&#8221; module_alignment=&#8221;center&#8221; global_colors_info=&#8221;{}&#8221; theme_builder_area=&#8221;post_content&#8221;]<\/p>\n<p>He began his pedagogical career in 2014 as a piano teacher at the &#8220;Predrag Milo\u0161evi\u0107&#8221; elementary music school in Knja\u017eevac, Serbia, where he currently works. His students have been laureates of numerous competitions and have won over two hundred awards in competitions in Serbia and abroad. Among the most important are first prizes at the Republic Competition of Serbia, the Republic Festival of Music and Ballet Schools of Serbia, the &#8220;Davorin Jenko&#8221; International Competition in Belgrade, &#8220;Virtuosi per musica di pianoforte&#8221; in the Czech Republic, the &#8220;Ivan Rijavec&#8221; and &#8220;Glasbena \u010dipka&#8221; International Competitions in Slovenia, the &#8220;Danubia Talents&#8221; International Competition in Hungary, the &#8220;Bitola Pianofest&#8221; International Competition in North Macedonia, the &#8220;Primavera&#8221; International Festival and the &#8220;Sergei Rachmaninoff&#8221; International Competition in Bosnia and Herzegovina, in both solo piano and piano duo categories. Du\u0161an Suton&#8217;s students have performed concerts in cities in Serbia, Italy, and Slovenia, and have appeared on national television in Serbia.<\/p>\n<p>He has received numerous awards for outstanding pedagogical achievements, such as the most awarded teacher prize from the Municipality of Knja\u017eevac for many consecutive years, the best teacher award at Bitola Pianofest 2024 (North Macedonia), etc.<\/p>\n<p>[\/et_pb_text][\/et_pb_column][\/et_pb_row][et_pb_row _builder_version=&#8221;4.27.6&#8243; _module_preset=&#8221;default&#8221; theme_builder_area=&#8221;post_content&#8221;][et_pb_column _builder_version=&#8221;4.27.6&#8243; _module_preset=&#8221;default&#8221; type=&#8221;4_4&#8243; theme_builder_area=&#8221;post_content&#8221;][et_pb_button button_url=&#8221;@ET-DC@eyJkeW5hbWljIjp0cnVlLCJjb250ZW50IjoicG9zdF9saW5rX3VybF9wYWdlIiwic2V0dGluZ3MiOnsicG9zdF9pZCI6IjE0MyIsImVuYWJsZV9odG1sIjoib2ZmIn19@&#8221; button_text=&#8221;Back to the jury&#8221; _builder_version=&#8221;4.27.6&#8243; _dynamic_attributes=&#8221;button_url&#8221; _module_preset=&#8221;default&#8221; custom_button=&#8221;on&#8221; hover_enabled=&#8221;0&#8243; global_colors_info=&#8221;{}&#8221; theme_builder_area=&#8221;post_content&#8221; button_alignment=&#8221;center&#8221; sticky_enabled=&#8221;0&#8243;][\/et_pb_button][\/et_pb_column][\/et_pb_row][\/et_pb_section]<\/p>\n","protected":false},"excerpt":{"rendered":"<p>Du\u0161an SutonDu\u0161an Suton was born on December 14, 1989, in Ni\u0161, Serbia. He completed his primary and music high school education in Ni\u0161, Serbia, in the class of Prof. Spomenka \u0160piri\u0107. He completed his undergraduate studies at the Faculty of Arts in Ni\u0161, in the class of the eminent pianist, Prof. Aleksandar Serdar (Serbia\/Slovenia), and [&hellip;]<\/p>\n","protected":false},"author":1,"featured_media":1122,"parent":1129,"menu_order":0,"comment_status":"closed","ping_status":"closed","template":"","meta":{"_et_pb_use_builder":"on","_et_pb_old_content":"","_et_gb_content_width":"","footnotes":""},"class_list":["post-1495","page","type-page","status-publish","has-post-thumbnail","hentry"],"yoast_head":"<!-- This site is optimized with the Yoast SEO plugin v27.3 - https:\/\/yoast.com\/product\/yoast-seo-wordpress\/ -->\n<title>Du\u0161an Suton - Alma Cornea Ionescu<\/title>\n<meta name=\"robots\" content=\"index, follow, max-snippet:-1, max-image-preview:large, max-video-preview:-1\" \/>\n<link rel=\"canonical\" href=\"https:\/\/almacorneaionescu.ro\/en\/jury\/dusan-suton\/\" \/>\n<meta property=\"og:locale\" content=\"en_US\" \/>\n<meta property=\"og:type\" content=\"article\" \/>\n<meta property=\"og:title\" content=\"Du\u0161an Suton - Alma Cornea Ionescu\" \/>\n<meta property=\"og:description\" content=\"Du\u0161an SutonDu\u0161an Suton was born on December 14, 1989, in Ni\u0161, Serbia. He completed his primary and music high school education in Ni\u0161, Serbia, in the class of Prof. Spomenka \u0160piri\u0107. He completed his undergraduate studies at the Faculty of Arts in Ni\u0161, in the class of the eminent pianist, Prof. Aleksandar Serdar (Serbia\/Slovenia), and [&hellip;]\" \/>\n<meta property=\"og:url\" content=\"https:\/\/almacorneaionescu.ro\/en\/jury\/dusan-suton\/\" \/>\n<meta property=\"og:site_name\" content=\"Alma Cornea Ionescu\" \/>\n<meta property=\"article:modified_time\" content=\"2026-04-13T14:51:26+00:00\" \/>\n<meta property=\"og:image\" content=\"https:\/\/almacorneaionescu.ro\/wp-content\/uploads\/2026\/03\/Dus\u030can-Suton.jpeg\" \/>\n\t<meta property=\"og:image:width\" content=\"855\" \/>\n\t<meta property=\"og:image:height\" content=\"1283\" \/>\n\t<meta property=\"og:image:type\" content=\"image\/jpeg\" \/>\n<meta name=\"twitter:card\" content=\"summary_large_image\" \/>\n<meta name=\"twitter:label1\" content=\"Est. reading time\" \/>\n\t<meta name=\"twitter:data1\" content=\"4 minutes\" \/>\n<script type=\"application\/ld+json\" class=\"yoast-schema-graph\">{\"@context\":\"https:\\\/\\\/schema.org\",\"@graph\":[{\"@type\":\"WebPage\",\"@id\":\"https:\\\/\\\/almacorneaionescu.ro\\\/en\\\/jury\\\/dusan-suton\\\/\",\"url\":\"https:\\\/\\\/almacorneaionescu.ro\\\/en\\\/jury\\\/dusan-suton\\\/\",\"name\":\"Du\u0161an Suton - Alma Cornea Ionescu\",\"isPartOf\":{\"@id\":\"https:\\\/\\\/almacorneaionescu.ro\\\/#website\"},\"primaryImageOfPage\":{\"@id\":\"https:\\\/\\\/almacorneaionescu.ro\\\/en\\\/jury\\\/dusan-suton\\\/#primaryimage\"},\"image\":{\"@id\":\"https:\\\/\\\/almacorneaionescu.ro\\\/en\\\/jury\\\/dusan-suton\\\/#primaryimage\"},\"thumbnailUrl\":\"https:\\\/\\\/almacorneaionescu.ro\\\/wp-content\\\/uploads\\\/2026\\\/03\\\/Dus\u030can-Suton.jpeg\",\"datePublished\":\"2026-03-29T12:23:09+00:00\",\"dateModified\":\"2026-04-13T14:51:26+00:00\",\"breadcrumb\":{\"@id\":\"https:\\\/\\\/almacorneaionescu.ro\\\/en\\\/jury\\\/dusan-suton\\\/#breadcrumb\"},\"inLanguage\":\"en-US\",\"potentialAction\":[{\"@type\":\"ReadAction\",\"target\":[\"https:\\\/\\\/almacorneaionescu.ro\\\/en\\\/jury\\\/dusan-suton\\\/\"]}]},{\"@type\":\"ImageObject\",\"inLanguage\":\"en-US\",\"@id\":\"https:\\\/\\\/almacorneaionescu.ro\\\/en\\\/jury\\\/dusan-suton\\\/#primaryimage\",\"url\":\"https:\\\/\\\/almacorneaionescu.ro\\\/wp-content\\\/uploads\\\/2026\\\/03\\\/Dus\u030can-Suton.jpeg\",\"contentUrl\":\"https:\\\/\\\/almacorneaionescu.ro\\\/wp-content\\\/uploads\\\/2026\\\/03\\\/Dus\u030can-Suton.jpeg\",\"width\":855,\"height\":1283},{\"@type\":\"BreadcrumbList\",\"@id\":\"https:\\\/\\\/almacorneaionescu.ro\\\/en\\\/jury\\\/dusan-suton\\\/#breadcrumb\",\"itemListElement\":[{\"@type\":\"ListItem\",\"position\":1,\"name\":\"Prima pagin\u0103\",\"item\":\"https:\\\/\\\/almacorneaionescu.ro\\\/\"},{\"@type\":\"ListItem\",\"position\":2,\"name\":\"Jury\",\"item\":\"https:\\\/\\\/almacorneaionescu.ro\\\/en\\\/jury\\\/\"},{\"@type\":\"ListItem\",\"position\":3,\"name\":\"Du\u0161an Suton\"}]},{\"@type\":\"WebSite\",\"@id\":\"https:\\\/\\\/almacorneaionescu.ro\\\/#website\",\"url\":\"https:\\\/\\\/almacorneaionescu.ro\\\/\",\"name\":\"Alma Cornea Ionescu\",\"description\":\"International piano competition\",\"potentialAction\":[{\"@type\":\"SearchAction\",\"target\":{\"@type\":\"EntryPoint\",\"urlTemplate\":\"https:\\\/\\\/almacorneaionescu.ro\\\/?s={search_term_string}\"},\"query-input\":{\"@type\":\"PropertyValueSpecification\",\"valueRequired\":true,\"valueName\":\"search_term_string\"}}],\"inLanguage\":\"en-US\"}]}<\/script>\n<!-- \/ Yoast SEO plugin. -->","yoast_head_json":{"title":"Du\u0161an Suton - Alma Cornea Ionescu","robots":{"index":"index","follow":"follow","max-snippet":"max-snippet:-1","max-image-preview":"max-image-preview:large","max-video-preview":"max-video-preview:-1"},"canonical":"https:\/\/almacorneaionescu.ro\/en\/jury\/dusan-suton\/","og_locale":"en_US","og_type":"article","og_title":"Du\u0161an Suton - Alma Cornea Ionescu","og_description":"Du\u0161an SutonDu\u0161an Suton was born on December 14, 1989, in Ni\u0161, Serbia. He completed his primary and music high school education in Ni\u0161, Serbia, in the class of Prof. Spomenka \u0160piri\u0107. He completed his undergraduate studies at the Faculty of Arts in Ni\u0161, in the class of the eminent pianist, Prof. Aleksandar Serdar (Serbia\/Slovenia), and [&hellip;]","og_url":"https:\/\/almacorneaionescu.ro\/en\/jury\/dusan-suton\/","og_site_name":"Alma Cornea Ionescu","article_modified_time":"2026-04-13T14:51:26+00:00","og_image":[{"width":855,"height":1283,"url":"https:\/\/almacorneaionescu.ro\/wp-content\/uploads\/2026\/03\/Dus\u030can-Suton.jpeg","type":"image\/jpeg"}],"twitter_card":"summary_large_image","twitter_misc":{"Est. reading time":"4 minutes"},"schema":{"@context":"https:\/\/schema.org","@graph":[{"@type":"WebPage","@id":"https:\/\/almacorneaionescu.ro\/en\/jury\/dusan-suton\/","url":"https:\/\/almacorneaionescu.ro\/en\/jury\/dusan-suton\/","name":"Du\u0161an Suton - Alma Cornea Ionescu","isPartOf":{"@id":"https:\/\/almacorneaionescu.ro\/#website"},"primaryImageOfPage":{"@id":"https:\/\/almacorneaionescu.ro\/en\/jury\/dusan-suton\/#primaryimage"},"image":{"@id":"https:\/\/almacorneaionescu.ro\/en\/jury\/dusan-suton\/#primaryimage"},"thumbnailUrl":"https:\/\/almacorneaionescu.ro\/wp-content\/uploads\/2026\/03\/Dus\u030can-Suton.jpeg","datePublished":"2026-03-29T12:23:09+00:00","dateModified":"2026-04-13T14:51:26+00:00","breadcrumb":{"@id":"https:\/\/almacorneaionescu.ro\/en\/jury\/dusan-suton\/#breadcrumb"},"inLanguage":"en-US","potentialAction":[{"@type":"ReadAction","target":["https:\/\/almacorneaionescu.ro\/en\/jury\/dusan-suton\/"]}]},{"@type":"ImageObject","inLanguage":"en-US","@id":"https:\/\/almacorneaionescu.ro\/en\/jury\/dusan-suton\/#primaryimage","url":"https:\/\/almacorneaionescu.ro\/wp-content\/uploads\/2026\/03\/Dus\u030can-Suton.jpeg","contentUrl":"https:\/\/almacorneaionescu.ro\/wp-content\/uploads\/2026\/03\/Dus\u030can-Suton.jpeg","width":855,"height":1283},{"@type":"BreadcrumbList","@id":"https:\/\/almacorneaionescu.ro\/en\/jury\/dusan-suton\/#breadcrumb","itemListElement":[{"@type":"ListItem","position":1,"name":"Prima pagin\u0103","item":"https:\/\/almacorneaionescu.ro\/"},{"@type":"ListItem","position":2,"name":"Jury","item":"https:\/\/almacorneaionescu.ro\/en\/jury\/"},{"@type":"ListItem","position":3,"name":"Du\u0161an Suton"}]},{"@type":"WebSite","@id":"https:\/\/almacorneaionescu.ro\/#website","url":"https:\/\/almacorneaionescu.ro\/","name":"Alma Cornea Ionescu","description":"International piano competition","potentialAction":[{"@type":"SearchAction","target":{"@type":"EntryPoint","urlTemplate":"https:\/\/almacorneaionescu.ro\/?s={search_term_string}"},"query-input":{"@type":"PropertyValueSpecification","valueRequired":true,"valueName":"search_term_string"}}],"inLanguage":"en-US"}]}},"_links":{"self":[{"href":"https:\/\/almacorneaionescu.ro\/en\/wp-json\/wp\/v2\/pages\/1495","targetHints":{"allow":["GET"]}}],"collection":[{"href":"https:\/\/almacorneaionescu.ro\/en\/wp-json\/wp\/v2\/pages"}],"about":[{"href":"https:\/\/almacorneaionescu.ro\/en\/wp-json\/wp\/v2\/types\/page"}],"author":[{"embeddable":true,"href":"https:\/\/almacorneaionescu.ro\/en\/wp-json\/wp\/v2\/users\/1"}],"replies":[{"embeddable":true,"href":"https:\/\/almacorneaionescu.ro\/en\/wp-json\/wp\/v2\/comments?post=1495"}],"version-history":[{"count":2,"href":"https:\/\/almacorneaionescu.ro\/en\/wp-json\/wp\/v2\/pages\/1495\/revisions"}],"predecessor-version":[{"id":1497,"href":"https:\/\/almacorneaionescu.ro\/en\/wp-json\/wp\/v2\/pages\/1495\/revisions\/1497"}],"up":[{"embeddable":true,"href":"https:\/\/almacorneaionescu.ro\/en\/wp-json\/wp\/v2\/pages\/1129"}],"wp:featuredmedia":[{"embeddable":true,"href":"https:\/\/almacorneaionescu.ro\/en\/wp-json\/wp\/v2\/media\/1122"}],"wp:attachment":[{"href":"https:\/\/almacorneaionescu.ro\/en\/wp-json\/wp\/v2\/media?parent=1495"}],"curies":[{"name":"wp","href":"https:\/\/api.w.org\/{rel}","templated":true}]}}