{"id":1483,"date":"2026-03-29T14:59:13","date_gmt":"2026-03-29T11:59:13","guid":{"rendered":"https:\/\/almacorneaionescu.ro\/jury\/szigmond-gabor-zoltan\/"},"modified":"2026-04-13T17:43:39","modified_gmt":"2026-04-13T14:43:39","slug":"szigmond-gabor-zoltan","status":"publish","type":"page","link":"https:\/\/almacorneaionescu.ro\/en\/jury\/szigmond-gabor-zoltan\/","title":{"rendered":"Szigmond Gabor Zoltan"},"content":{"rendered":"<p>[et_pb_section fb_built=&#8221;1&#8243; admin_label=&#8221;Header&#8221; _builder_version=&#8221;4.27.4&#8243; background_enable_image=&#8221;off&#8221; background_size=&#8221;initial&#8221; background_repeat=&#8221;repeat&#8221; global_colors_info=&#8221;{}&#8221;][et_pb_row custom_padding_last_edited=&#8221;off|phone&#8221; disabled_on=&#8221;off|off|off&#8221; _builder_version=&#8221;4.27.6&#8243; background_position=&#8221;bottom_center&#8221; custom_padding_tablet=&#8221;17vw||17vw||false&#8221; use_custom_width=&#8221;on&#8221; width_unit=&#8221;off&#8221; custom_width_percent=&#8221;100%&#8221; locked=&#8221;off&#8221; global_colors_info=&#8221;{}&#8221;][et_pb_column type=&#8221;4_4&#8243; _builder_version=&#8221;4.16&#8243; custom_padding=&#8221;|||&#8221; global_colors_info=&#8221;{}&#8221; custom_padding__hover=&#8221;|||&#8221;][et_pb_image src=&#8221;https:\/\/almacorneaionescu.ro\/wp-content\/uploads\/2025\/05\/Gabor-Zoltan.jpg&#8221; title_text=&#8221;Gabor Zoltan&#8221; align=&#8221;center&#8221; _builder_version=&#8221;4.27.6&#8243; _module_preset=&#8221;default&#8221; width=&#8221;320px&#8221; max_width=&#8221;320px&#8221; height=&#8221;320px&#8221; max_height=&#8221;320px&#8221; border_radii=&#8221;on|200px|200px|200px|200px&#8221; global_colors_info=&#8221;{}&#8221;][\/et_pb_image][et_pb_text _builder_version=&#8221;4.27.6&#8243; text_font=&#8221;||||||||&#8221; header_font=&#8221;|500|||||||&#8221; header_text_align=&#8221;center&#8221; transform_translate_linked=&#8221;off&#8221; max_width=&#8221;100%&#8221; max_width_tablet=&#8221;70%&#8221; max_width_last_edited=&#8221;off|phone&#8221; header_font_size_tablet=&#8221;&#8221; header_font_size_phone=&#8221;&#8221; header_font_size_last_edited=&#8221;on|phone&#8221; global_colors_info=&#8221;{}&#8221;]<\/p>\n<h1 class=\"et_pb_module_header\">Szigmond Gabor Zoltan<\/h1>\n<p>[\/et_pb_text][\/et_pb_column][\/et_pb_row][et_pb_row column_structure=&#8221;1_2,1_2&#8243; _builder_version=&#8221;4.16&#8243; global_colors_info=&#8221;{}&#8221;][et_pb_column type=&#8221;1_2&#8243; _builder_version=&#8221;4.16&#8243; custom_padding=&#8221;|||&#8221; global_colors_info=&#8221;{}&#8221; custom_padding__hover=&#8221;|||&#8221;][et_pb_text _builder_version=&#8221;4.27.6&#8243; text_font=&#8221;||||||||&#8221; header_font=&#8221;||||||||&#8221; module_alignment=&#8221;center&#8221; custom_padding=&#8221;||0px|||&#8221; global_colors_info=&#8221;{}&#8221;]<\/p>\n<p><strong>Education<\/strong><\/p>\n<p>2006\u20132013 | Szeged, Hungary<br \/>Bachelor\u2019s degree in Piano and Music Pedagogy<br \/>University of Szeged, Faculty of Music<\/p>\n<p>2007\u20132014 | Szeged, Hungary<br \/>Accompanist<br \/>University of Szeged, Faculty of Music<\/p>\n<p>2013\u20132014 | Szeged, Hungary<br \/>Piano teacher<br \/>University of Szeged, Faculty of Music<\/p>\n<p>2007\u20132010 | Z\u00e1k\u00e1nysz\u00e9k, Hungary<br \/>Piano teacher, accompanist<br \/>Z\u00e1k\u00e1nysz\u00e9k Primary School and Institute of Arts Education<\/p>\n<p>2009\u20132010 | Szeged, Hungary<br \/>Piano teacher, accompanist<br \/>Hammido Primary Art School<\/p>\n<p>2010\u2013Present | Szeged, Hungary<br \/>Piano teacher, accompanist, deputy director<br \/>Kir\u00e1ly-K\u00f6nig P\u00e9ter Music School<\/p>\n<p>Piano teacher and accompanist: 2010\u20132014<br \/>Deputy director: 2014\u20132019<br \/>2011\u20132018 | Szeged, Hungary<br \/>Piano teacher<br \/>T\u00e1ltos Primary and Arts School \u2013 Talent Development<\/p>\n<p>2011\u2013Present | Szeged, Hungary<br \/>Managing Director<br \/>Giovani Artisti Commercial and Service Ltd.<\/p>\n<p>2019\u20132020 | Szeged, Hungary<br \/>Methodology instructor<br \/>University of Szeged, Faculty of Music, Bart\u00f3k B\u00e9la Department<\/p>\n<p>May 18\u2013May 21, 2023 | Timi\u0219oara, Romania<br \/>Jury member<br \/>Alma Cornea Ionescu International Piano Competition, Pre-University Section, Ion Vidu Art High School<\/p>\n<p>2004\u20132009 | Szeged, Hungary<br \/>Master\u2019s degree in Piano Performance and Teaching<br \/>University of Szeged, Faculty of Music<\/p>\n<p>Specialization in Arts, Teacher Training, and Pedagogy<\/p>\n<p>&nbsp;<\/p>\n<p>[\/et_pb_text][\/et_pb_column][et_pb_column type=&#8221;1_2&#8243; _builder_version=&#8221;4.16&#8243; custom_padding=&#8221;|||&#8221; global_colors_info=&#8221;{}&#8221; custom_padding__hover=&#8221;|||&#8221;][et_pb_text _builder_version=&#8221;4.27.6&#8243; text_font=&#8221;||||||||&#8221; header_font=&#8221;||||||||&#8221; module_alignment=&#8221;center&#8221; global_colors_info=&#8221;{}&#8221;]<\/p>\n<p><strong>Professional experience<\/strong><\/p>\n<p>2015\u20132019 | Szeged, Hungary<br \/>Postgraduate doctoral studies (PhD) in Education Theory<br \/>University of Szeged, Doctoral School of Educational Sciences<\/p>\n<p>Member of the MTA-SZTE Music Methodology Research Group<br \/>Member of the Education Research Group within the SZTE Faculty of Arts<\/p>\n<p><strong style=\"font-size: 16px;\">Organizational skills:<\/strong><\/p>\n<p>\u2022 Giovani Artisti Ltd.: Established in 2011, my company directly supports our 30-member chamber ensemble, in collaboration with the ART-TOUR Contemporary Arts Association and Agora Albert in Szent-Gy\u00f6rgyi. Our activities are supported by the National Cultural Fund and the Municipality of Szeged, enabling us to organize classical concerts and performances for young people.<br \/>\u2022 Kir\u00e1ly-K\u00f6nig P\u00e9ter Music School: Since August 2014, I have held the position of deputy director at Kir\u00e1ly-K\u00f6nig P\u00e9ter Music School, where I assist department heads and organize concerts, camps, and events. I have also successfully applied for grants and have been involved in developing and managing educational administrative systems, both paper-based and online.<\/p>\n<p>[\/et_pb_text][\/et_pb_column][\/et_pb_row][et_pb_row _builder_version=&#8221;4.27.6&#8243; _module_preset=&#8221;default&#8221;][et_pb_column _builder_version=&#8221;4.27.6&#8243; _module_preset=&#8221;default&#8221; type=&#8221;4_4&#8243;][et_pb_button button_url=&#8221;@ET-DC@eyJkeW5hbWljIjp0cnVlLCJjb250ZW50IjoicG9zdF9saW5rX3VybF9wYWdlIiwic2V0dGluZ3MiOnsicG9zdF9pZCI6IjE0MyIsImVuYWJsZV9odG1sIjoib2ZmIn19@&#8221; button_text=&#8221;Back to the jury&#8221; _builder_version=&#8221;4.27.6&#8243; _dynamic_attributes=&#8221;button_url&#8221; _module_preset=&#8221;default&#8221; custom_button=&#8221;on&#8221; hover_enabled=&#8221;0&#8243; global_colors_info=&#8221;{}&#8221; button_alignment=&#8221;center&#8221; sticky_enabled=&#8221;0&#8243;][\/et_pb_button][\/et_pb_column][\/et_pb_row][\/et_pb_section]<\/p>\n","protected":false},"excerpt":{"rendered":"<p>Szigmond Gabor ZoltanEducation 2006\u20132013 | Szeged, HungaryBachelor\u2019s degree in Piano and Music PedagogyUniversity of Szeged, Faculty of Music 2007\u20132014 | Szeged, HungaryAccompanistUniversity of Szeged, Faculty of Music 2013\u20132014 | Szeged, HungaryPiano teacherUniversity of Szeged, Faculty of Music 2007\u20132010 | Z\u00e1k\u00e1nysz\u00e9k, HungaryPiano teacher, accompanistZ\u00e1k\u00e1nysz\u00e9k Primary School and Institute of Arts Education 2009\u20132010 | Szeged, HungaryPiano teacher, [&hellip;]<\/p>\n","protected":false},"author":1,"featured_media":1119,"parent":1129,"menu_order":0,"comment_status":"closed","ping_status":"closed","template":"","meta":{"_et_pb_use_builder":"on","_et_pb_old_content":"","_et_gb_content_width":"","footnotes":""},"class_list":["post-1483","page","type-page","status-publish","has-post-thumbnail","hentry"],"yoast_head":"<!-- This site is optimized with the Yoast SEO plugin v27.3 - https:\/\/yoast.com\/product\/yoast-seo-wordpress\/ -->\n<title>Szigmond Gabor Zoltan - Alma Cornea Ionescu<\/title>\n<meta name=\"robots\" content=\"index, follow, max-snippet:-1, max-image-preview:large, max-video-preview:-1\" \/>\n<link rel=\"canonical\" href=\"https:\/\/almacorneaionescu.ro\/en\/jury\/szigmond-gabor-zoltan\/\" \/>\n<meta property=\"og:locale\" content=\"en_US\" \/>\n<meta property=\"og:type\" content=\"article\" \/>\n<meta property=\"og:title\" content=\"Szigmond Gabor Zoltan - Alma Cornea Ionescu\" \/>\n<meta property=\"og:description\" content=\"Szigmond Gabor ZoltanEducation 2006\u20132013 | Szeged, HungaryBachelor\u2019s degree in Piano and Music PedagogyUniversity of Szeged, Faculty of Music 2007\u20132014 | Szeged, HungaryAccompanistUniversity of Szeged, Faculty of Music 2013\u20132014 | Szeged, HungaryPiano teacherUniversity of Szeged, Faculty of Music 2007\u20132010 | Z\u00e1k\u00e1nysz\u00e9k, HungaryPiano teacher, accompanistZ\u00e1k\u00e1nysz\u00e9k Primary School and Institute of Arts Education 2009\u20132010 | Szeged, HungaryPiano teacher, [&hellip;]\" \/>\n<meta property=\"og:url\" content=\"https:\/\/almacorneaionescu.ro\/en\/jury\/szigmond-gabor-zoltan\/\" \/>\n<meta property=\"og:site_name\" content=\"Alma Cornea Ionescu\" \/>\n<meta property=\"article:modified_time\" content=\"2026-04-13T14:43:39+00:00\" \/>\n<meta property=\"og:image\" content=\"https:\/\/almacorneaionescu.ro\/wp-content\/uploads\/2025\/05\/Gabor-Zoltan.jpg\" \/>\n\t<meta property=\"og:image:width\" content=\"1365\" \/>\n\t<meta property=\"og:image:height\" content=\"2048\" \/>\n\t<meta property=\"og:image:type\" content=\"image\/jpeg\" \/>\n<meta name=\"twitter:card\" content=\"summary_large_image\" \/>\n<meta name=\"twitter:label1\" content=\"Est. reading time\" \/>\n\t<meta name=\"twitter:data1\" content=\"3 minutes\" \/>\n<script type=\"application\/ld+json\" class=\"yoast-schema-graph\">{\"@context\":\"https:\\\/\\\/schema.org\",\"@graph\":[{\"@type\":\"WebPage\",\"@id\":\"https:\\\/\\\/almacorneaionescu.ro\\\/en\\\/jury\\\/szigmond-gabor-zoltan\\\/\",\"url\":\"https:\\\/\\\/almacorneaionescu.ro\\\/en\\\/jury\\\/szigmond-gabor-zoltan\\\/\",\"name\":\"Szigmond Gabor Zoltan - Alma Cornea Ionescu\",\"isPartOf\":{\"@id\":\"https:\\\/\\\/almacorneaionescu.ro\\\/#website\"},\"primaryImageOfPage\":{\"@id\":\"https:\\\/\\\/almacorneaionescu.ro\\\/en\\\/jury\\\/szigmond-gabor-zoltan\\\/#primaryimage\"},\"image\":{\"@id\":\"https:\\\/\\\/almacorneaionescu.ro\\\/en\\\/jury\\\/szigmond-gabor-zoltan\\\/#primaryimage\"},\"thumbnailUrl\":\"https:\\\/\\\/almacorneaionescu.ro\\\/wp-content\\\/uploads\\\/2025\\\/05\\\/Gabor-Zoltan.jpg\",\"datePublished\":\"2026-03-29T11:59:13+00:00\",\"dateModified\":\"2026-04-13T14:43:39+00:00\",\"breadcrumb\":{\"@id\":\"https:\\\/\\\/almacorneaionescu.ro\\\/en\\\/jury\\\/szigmond-gabor-zoltan\\\/#breadcrumb\"},\"inLanguage\":\"en-US\",\"potentialAction\":[{\"@type\":\"ReadAction\",\"target\":[\"https:\\\/\\\/almacorneaionescu.ro\\\/en\\\/jury\\\/szigmond-gabor-zoltan\\\/\"]}]},{\"@type\":\"ImageObject\",\"inLanguage\":\"en-US\",\"@id\":\"https:\\\/\\\/almacorneaionescu.ro\\\/en\\\/jury\\\/szigmond-gabor-zoltan\\\/#primaryimage\",\"url\":\"https:\\\/\\\/almacorneaionescu.ro\\\/wp-content\\\/uploads\\\/2025\\\/05\\\/Gabor-Zoltan.jpg\",\"contentUrl\":\"https:\\\/\\\/almacorneaionescu.ro\\\/wp-content\\\/uploads\\\/2025\\\/05\\\/Gabor-Zoltan.jpg\",\"width\":1365,\"height\":2048},{\"@type\":\"BreadcrumbList\",\"@id\":\"https:\\\/\\\/almacorneaionescu.ro\\\/en\\\/jury\\\/szigmond-gabor-zoltan\\\/#breadcrumb\",\"itemListElement\":[{\"@type\":\"ListItem\",\"position\":1,\"name\":\"Prima pagin\u0103\",\"item\":\"https:\\\/\\\/almacorneaionescu.ro\\\/\"},{\"@type\":\"ListItem\",\"position\":2,\"name\":\"Jury\",\"item\":\"https:\\\/\\\/almacorneaionescu.ro\\\/en\\\/jury\\\/\"},{\"@type\":\"ListItem\",\"position\":3,\"name\":\"Szigmond Gabor Zoltan\"}]},{\"@type\":\"WebSite\",\"@id\":\"https:\\\/\\\/almacorneaionescu.ro\\\/#website\",\"url\":\"https:\\\/\\\/almacorneaionescu.ro\\\/\",\"name\":\"Alma Cornea Ionescu\",\"description\":\"International piano competition\",\"potentialAction\":[{\"@type\":\"SearchAction\",\"target\":{\"@type\":\"EntryPoint\",\"urlTemplate\":\"https:\\\/\\\/almacorneaionescu.ro\\\/?s={search_term_string}\"},\"query-input\":{\"@type\":\"PropertyValueSpecification\",\"valueRequired\":true,\"valueName\":\"search_term_string\"}}],\"inLanguage\":\"en-US\"}]}<\/script>\n<!-- \/ Yoast SEO plugin. -->","yoast_head_json":{"title":"Szigmond Gabor Zoltan - Alma Cornea Ionescu","robots":{"index":"index","follow":"follow","max-snippet":"max-snippet:-1","max-image-preview":"max-image-preview:large","max-video-preview":"max-video-preview:-1"},"canonical":"https:\/\/almacorneaionescu.ro\/en\/jury\/szigmond-gabor-zoltan\/","og_locale":"en_US","og_type":"article","og_title":"Szigmond Gabor Zoltan - Alma Cornea Ionescu","og_description":"Szigmond Gabor ZoltanEducation 2006\u20132013 | Szeged, HungaryBachelor\u2019s degree in Piano and Music PedagogyUniversity of Szeged, Faculty of Music 2007\u20132014 | Szeged, HungaryAccompanistUniversity of Szeged, Faculty of Music 2013\u20132014 | Szeged, HungaryPiano teacherUniversity of Szeged, Faculty of Music 2007\u20132010 | Z\u00e1k\u00e1nysz\u00e9k, HungaryPiano teacher, accompanistZ\u00e1k\u00e1nysz\u00e9k Primary School and Institute of Arts Education 2009\u20132010 | Szeged, HungaryPiano teacher, [&hellip;]","og_url":"https:\/\/almacorneaionescu.ro\/en\/jury\/szigmond-gabor-zoltan\/","og_site_name":"Alma Cornea Ionescu","article_modified_time":"2026-04-13T14:43:39+00:00","og_image":[{"width":1365,"height":2048,"url":"https:\/\/almacorneaionescu.ro\/wp-content\/uploads\/2025\/05\/Gabor-Zoltan.jpg","type":"image\/jpeg"}],"twitter_card":"summary_large_image","twitter_misc":{"Est. reading time":"3 minutes"},"schema":{"@context":"https:\/\/schema.org","@graph":[{"@type":"WebPage","@id":"https:\/\/almacorneaionescu.ro\/en\/jury\/szigmond-gabor-zoltan\/","url":"https:\/\/almacorneaionescu.ro\/en\/jury\/szigmond-gabor-zoltan\/","name":"Szigmond Gabor Zoltan - Alma Cornea Ionescu","isPartOf":{"@id":"https:\/\/almacorneaionescu.ro\/#website"},"primaryImageOfPage":{"@id":"https:\/\/almacorneaionescu.ro\/en\/jury\/szigmond-gabor-zoltan\/#primaryimage"},"image":{"@id":"https:\/\/almacorneaionescu.ro\/en\/jury\/szigmond-gabor-zoltan\/#primaryimage"},"thumbnailUrl":"https:\/\/almacorneaionescu.ro\/wp-content\/uploads\/2025\/05\/Gabor-Zoltan.jpg","datePublished":"2026-03-29T11:59:13+00:00","dateModified":"2026-04-13T14:43:39+00:00","breadcrumb":{"@id":"https:\/\/almacorneaionescu.ro\/en\/jury\/szigmond-gabor-zoltan\/#breadcrumb"},"inLanguage":"en-US","potentialAction":[{"@type":"ReadAction","target":["https:\/\/almacorneaionescu.ro\/en\/jury\/szigmond-gabor-zoltan\/"]}]},{"@type":"ImageObject","inLanguage":"en-US","@id":"https:\/\/almacorneaionescu.ro\/en\/jury\/szigmond-gabor-zoltan\/#primaryimage","url":"https:\/\/almacorneaionescu.ro\/wp-content\/uploads\/2025\/05\/Gabor-Zoltan.jpg","contentUrl":"https:\/\/almacorneaionescu.ro\/wp-content\/uploads\/2025\/05\/Gabor-Zoltan.jpg","width":1365,"height":2048},{"@type":"BreadcrumbList","@id":"https:\/\/almacorneaionescu.ro\/en\/jury\/szigmond-gabor-zoltan\/#breadcrumb","itemListElement":[{"@type":"ListItem","position":1,"name":"Prima pagin\u0103","item":"https:\/\/almacorneaionescu.ro\/"},{"@type":"ListItem","position":2,"name":"Jury","item":"https:\/\/almacorneaionescu.ro\/en\/jury\/"},{"@type":"ListItem","position":3,"name":"Szigmond Gabor Zoltan"}]},{"@type":"WebSite","@id":"https:\/\/almacorneaionescu.ro\/#website","url":"https:\/\/almacorneaionescu.ro\/","name":"Alma Cornea Ionescu","description":"International piano competition","potentialAction":[{"@type":"SearchAction","target":{"@type":"EntryPoint","urlTemplate":"https:\/\/almacorneaionescu.ro\/?s={search_term_string}"},"query-input":{"@type":"PropertyValueSpecification","valueRequired":true,"valueName":"search_term_string"}}],"inLanguage":"en-US"}]}},"_links":{"self":[{"href":"https:\/\/almacorneaionescu.ro\/en\/wp-json\/wp\/v2\/pages\/1483","targetHints":{"allow":["GET"]}}],"collection":[{"href":"https:\/\/almacorneaionescu.ro\/en\/wp-json\/wp\/v2\/pages"}],"about":[{"href":"https:\/\/almacorneaionescu.ro\/en\/wp-json\/wp\/v2\/types\/page"}],"author":[{"embeddable":true,"href":"https:\/\/almacorneaionescu.ro\/en\/wp-json\/wp\/v2\/users\/1"}],"replies":[{"embeddable":true,"href":"https:\/\/almacorneaionescu.ro\/en\/wp-json\/wp\/v2\/comments?post=1483"}],"version-history":[{"count":2,"href":"https:\/\/almacorneaionescu.ro\/en\/wp-json\/wp\/v2\/pages\/1483\/revisions"}],"predecessor-version":[{"id":1485,"href":"https:\/\/almacorneaionescu.ro\/en\/wp-json\/wp\/v2\/pages\/1483\/revisions\/1485"}],"up":[{"embeddable":true,"href":"https:\/\/almacorneaionescu.ro\/en\/wp-json\/wp\/v2\/pages\/1129"}],"wp:featuredmedia":[{"embeddable":true,"href":"https:\/\/almacorneaionescu.ro\/en\/wp-json\/wp\/v2\/media\/1119"}],"wp:attachment":[{"href":"https:\/\/almacorneaionescu.ro\/en\/wp-json\/wp\/v2\/media?parent=1483"}],"curies":[{"name":"wp","href":"https:\/\/api.w.org\/{rel}","templated":true}]}}